{"id":991,"date":"2019-06-09T17:01:03","date_gmt":"2019-06-09T17:01:03","guid":{"rendered":"http:\/\/blacksilver-venus.imaginem.co\/?page_id=991"},"modified":"2026-07-27T13:00:52","modified_gmt":"2026-07-27T13:00:52","slug":"blog","status":"publish","type":"page","link":"https:\/\/villaalfonsofuerteventura.com\/en\/blog\/","title":{"rendered":"BLOG"},"content":{"rendered":"<div data-elementor-type=\"wp-post\" data-elementor-id=\"991\" class=\"elementor elementor-991\">\n\t\t\t\t\t\t<section class=\"elementor-section elementor-top-section elementor-element elementor-element-0570683 elementor-section-full_width elementor-section-stretched elementor-section-height-default elementor-section-height-default\" data-id=\"0570683\" data-element_type=\"section\" data-e-type=\"section\" data-settings=\"{&quot;background_background&quot;:&quot;classic&quot;,&quot;stretch_section&quot;:&quot;section-stretched&quot;}\">\n\t\t\t\t\t\t\t<div class=\"elementor-background-overlay\"><\/div>\n\t\t\t\t\t\t\t<div class=\"elementor-container elementor-column-gap-default\">\n\t\t\t\t\t<div class=\"elementor-column elementor-col-100 elementor-top-column elementor-element elementor-element-7bfa1a4\" data-id=\"7bfa1a4\" data-element_type=\"column\" data-e-type=\"column\">\n\t\t\t<div class=\"elementor-widget-wrap elementor-element-populated\">\n\t\t\t\t\t\t<div class=\"elementor-element elementor-element-894381e section-align-center section-size-large subtitle-style-default elementor-widget elementor-widget-section-heading\" data-id=\"894381e\" data-element_type=\"widget\" data-e-type=\"widget\" data-widget_type=\"section-heading.default\">\n\t\t\t\t<div class=\"elementor-widget-container\">\n\t\t\t\t\t<div class=\"section-heading headingstyle-subtitle\"><h5 class=\"entry-sub-title section-sub-title\">TO KNOW US BETTER<\/h5><div class=\"section-title-wrapper\"><h2 class=\"entry-title section-title\">BLOG<\/h2><\/div><\/div>\t\t\t\t<\/div>\n\t\t\t\t<\/div>\n\t\t\t\t\t<\/div>\n\t\t<\/div>\n\t\t\t\t\t<\/div>\n\t\t<\/section>\n\t\t\t\t<section class=\"elementor-section elementor-top-section elementor-element elementor-element-9449e00 elementor-section-stretched elementor-section-boxed elementor-section-height-default elementor-section-height-default\" data-id=\"9449e00\" data-element_type=\"section\" data-e-type=\"section\" data-settings=\"{&quot;stretch_section&quot;:&quot;section-stretched&quot;}\">\n\t\t\t\t\t\t<div class=\"elementor-container elementor-column-gap-default\">\n\t\t\t\t\t<div class=\"elementor-column elementor-col-100 elementor-top-column elementor-element elementor-element-cd34e2a\" data-id=\"cd34e2a\" data-element_type=\"column\" data-e-type=\"column\">\n\t\t\t<div class=\"elementor-widget-wrap elementor-element-populated\">\n\t\t\t\t\t\t<div class=\"elementor-element elementor-element-2f00c29 elementor-widget__width-inherit elementor-widget elementor-widget-blog-grid\" data-id=\"2f00c29\" data-element_type=\"widget\" data-e-type=\"widget\" data-widget_type=\"blog-grid.default\">\n\t\t\t\t<div class=\"elementor-widget-container\">\n\t\t\t\t\t<div class=\"portfolio-grid-container portfolio-gridblock-columns-wrap grid-has-blog\"><div id=\"gridblock-container\" class=\"portfolio-gutter-spaced    has-effect-zoom grid-style-classic gridblock-three clearfix\" data-columns=\"3\"><div class=\"gridblock-element grid-animate-display-all isotope-displayed gridblock-element-id-3673 gridblock-element-order-1  gridblock-filterable\" data-portfolio=\"portfolio-3673\" data-id=\"id-2\"><div class=\"gridblock-grid-element gridblock-element-inner\" data-portfolioid=\"3673\"><div class=\"gridblock-background-hover\"><a class=\"gridblock-sole-link\" href=\"https:\/\/villaalfonsofuerteventura.com\/en\/nuestras_recetas\/\"><div class=\"gridblock-links-wrap box-title-\"><span class=\"column-gridblock-icon\"><span class=\"hover-icon-effect\"><i class=\"ion-ios-plus-empty\"><\/i><\/span><\/span><\/div><\/a><\/div><img decoding=\"async\" src=\"https:\/\/villaalfonsofuerteventura.com\/wp-content\/themes\/blacksilver\/images\/placeholders\/placeholder-770x550.gif\" data-src=\"https:\/\/villaalfonsofuerteventura.com\/wp-content\/uploads\/2023\/04\/b1f05b92-43dc-498f-87d0-45b17b123cbf-770x550.jpg\" alt=\"\" class=\"displayed-image lazyload\"\/><\/div><div class=\"summary-info\"><div class=\"summary-date\"><i class=\"feather-icon-clock\"><\/i> April 24, 2023<\/div><div class=\"summary-comment\"><\/div><\/div><div class=\"work-details\"><h4><a href=\"https:\/\/villaalfonsofuerteventura.com\/en\/nuestras_recetas\/\">Nuestras recetas<\/a><\/h4><p class=\"entry-content work-description\">Nuestras recetas abril 24, 2023 Hoy os traemos algo distinto. Queremos que nos conozcas un poco mejor, y por eso queremos compartir con vosotros...<\/p><a class=\"theme-btn-link\" href=\"https:\/\/villaalfonsofuerteventura.com\/en\/nuestras_recetas\/\"><div class=\"theme-btn theme-btn-outline-primary theme-hover-arrow\">Seguir leyendo<\/div><\/a><\/div><\/div><div class=\"gridblock-element grid-animate-display-all isotope-displayed gridblock-element-id-3535 gridblock-element-order-2  gridblock-filterable\" data-portfolio=\"portfolio-3535\" data-id=\"id-3\"><div class=\"gridblock-grid-element gridblock-element-inner\" data-portfolioid=\"3535\"><div class=\"gridblock-background-hover\"><a class=\"gridblock-sole-link\" href=\"https:\/\/villaalfonsofuerteventura.com\/en\/lefties_inditex\/\"><div class=\"gridblock-links-wrap box-title-\"><span class=\"column-gridblock-icon\"><span class=\"hover-icon-effect\"><i class=\"ion-ios-plus-empty\"><\/i><\/span><\/span><\/div><\/a><\/div><img decoding=\"async\" src=\"https:\/\/villaalfonsofuerteventura.com\/wp-content\/themes\/blacksilver\/images\/placeholders\/placeholder-770x550.gif\" data-src=\"https:\/\/villaalfonsofuerteventura.com\/wp-content\/uploads\/2022\/10\/1Imagen-1-1-770x550.png\" alt=\"\" class=\"displayed-image lazyload\"\/><\/div><div class=\"summary-info\"><div class=\"summary-date\"><i class=\"feather-icon-clock\"><\/i> October 21, 2022<\/div><div class=\"summary-comment\"><\/div><\/div><div class=\"work-details\"><h4><a href=\"https:\/\/villaalfonsofuerteventura.com\/en\/lefties_inditex\/\">Campa\u00f1a Lefties \u2013 Inditex<\/a><\/h4><p class=\"entry-content work-description\">Campa\u00f1a Lefties \u2013 Inditex octubre 21, 2022 En nuestro primer a\u00f1o de andadura tuvimos la gran sorpresa de que una gran cadena de ropa...<\/p><a class=\"theme-btn-link\" href=\"https:\/\/villaalfonsofuerteventura.com\/en\/lefties_inditex\/\"><div class=\"theme-btn theme-btn-outline-primary theme-hover-arrow\">Seguir leyendo<\/div><\/a><\/div><\/div><div class=\"gridblock-element grid-animate-display-all isotope-displayed gridblock-element-id-3510 gridblock-element-order-3  gridblock-filterable\" data-portfolio=\"portfolio-3510\" data-id=\"id-4\"><div class=\"gridblock-grid-element gridblock-element-inner\" data-portfolioid=\"3510\"><div class=\"gridblock-background-hover\"><a class=\"gridblock-sole-link\" href=\"https:\/\/villaalfonsofuerteventura.com\/en\/construccion_villa_alfonso\/\"><div class=\"gridblock-links-wrap box-title-\"><span class=\"column-gridblock-icon\"><span class=\"hover-icon-effect\"><i class=\"ion-ios-plus-empty\"><\/i><\/span><\/span><\/div><\/a><\/div><img decoding=\"async\" src=\"https:\/\/villaalfonsofuerteventura.com\/wp-content\/themes\/blacksilver\/images\/placeholders\/placeholder-770x550.gif\" data-src=\"https:\/\/villaalfonsofuerteventura.com\/wp-content\/uploads\/2022\/10\/1Imagen-1-770x550.png\" alt=\"\" class=\"displayed-image lazyload\"\/><\/div><div class=\"summary-info\"><div class=\"summary-date\"><i class=\"feather-icon-clock\"><\/i> October 21, 2022<\/div><div class=\"summary-comment\"><\/div><\/div><div class=\"work-details\"><h4><a href=\"https:\/\/villaalfonsofuerteventura.com\/en\/construccion_villa_alfonso\/\">Construcci\u00f3n de Villa Alfonso<\/a><\/h4><p class=\"entry-content work-description\">Construcci\u00f3n de Villa Alfonso octubre 21, 2022 Con esa idea de buscar una tipolog\u00eda t\u00edpica del medio rural de Fuerteventura encontr\u00e9 unas viviendas unifamiliares...<\/p><a class=\"theme-btn-link\" href=\"https:\/\/villaalfonsofuerteventura.com\/en\/construccion_villa_alfonso\/\"><div class=\"theme-btn theme-btn-outline-primary theme-hover-arrow\">Seguir leyendo<\/div><\/a><\/div><\/div><div class=\"gridblock-element grid-animate-display-all isotope-displayed gridblock-element-id-3476 gridblock-element-order-4  gridblock-filterable\" data-portfolio=\"portfolio-3476\" data-id=\"id-5\"><div class=\"gridblock-grid-element gridblock-element-inner\" data-portfolioid=\"3476\"><div class=\"gridblock-background-hover\"><a class=\"gridblock-sole-link\" href=\"https:\/\/villaalfonsofuerteventura.com\/en\/arquitectura_del_lugar\/\"><div class=\"gridblock-links-wrap box-title-\"><span class=\"column-gridblock-icon\"><span class=\"hover-icon-effect\"><i class=\"ion-ios-plus-empty\"><\/i><\/span><\/span><\/div><\/a><\/div><img decoding=\"async\" src=\"https:\/\/villaalfonsofuerteventura.com\/wp-content\/themes\/blacksilver\/images\/placeholders\/placeholder-770x550.gif\" data-src=\"https:\/\/villaalfonsofuerteventura.com\/wp-content\/uploads\/2022\/10\/5Imagen-1.png\" alt=\"\" class=\"displayed-image lazyload\"\/><\/div><div class=\"summary-info\"><div class=\"summary-date\"><i class=\"feather-icon-clock\"><\/i> October 21, 2022<\/div><div class=\"summary-comment\"><\/div><\/div><div class=\"work-details\"><h4><a href=\"https:\/\/villaalfonsofuerteventura.com\/en\/arquitectura_del_lugar\/\">Arquitectura del lugar<\/a><\/h4><p class=\"entry-content work-description\">Arquitectura del lugar octubre 21, 2022 \u201cVilla Alfonso\u201d es una apuesta por la \u201carquitectura del lugar\u201d, una acci\u00f3n particular para que los pueblos canarios...<\/p><a class=\"theme-btn-link\" href=\"https:\/\/villaalfonsofuerteventura.com\/en\/arquitectura_del_lugar\/\"><div class=\"theme-btn theme-btn-outline-primary theme-hover-arrow\">Seguir leyendo<\/div><\/a><\/div><\/div><div class=\"gridblock-element grid-animate-display-all isotope-displayed gridblock-element-id-935 gridblock-element-order-5  gridblock-filterable\" data-portfolio=\"portfolio-935\" data-id=\"id-6\"><div class=\"gridblock-grid-element gridblock-element-inner\" data-portfolioid=\"935\"><div class=\"gridblock-background-hover\"><a class=\"gridblock-sole-link\" href=\"https:\/\/villaalfonsofuerteventura.com\/en\/acerca-de-fuerteventura\/\"><div class=\"gridblock-links-wrap box-title-\"><span class=\"column-gridblock-icon\"><span class=\"hover-icon-effect\"><i class=\"ion-ios-plus-empty\"><\/i><\/span><\/span><\/div><\/a><\/div><img decoding=\"async\" src=\"https:\/\/villaalfonsofuerteventura.com\/wp-content\/themes\/blacksilver\/images\/placeholders\/placeholder-770x550.gif\" data-src=\"https:\/\/villaalfonsofuerteventura.com\/wp-content\/uploads\/2019\/03\/download-2.jpg\" alt=\"\" class=\"displayed-image lazyload\"\/><\/div><div class=\"summary-info\"><div class=\"summary-date\"><i class=\"feather-icon-clock\"><\/i> August 14, 2022<\/div><div class=\"summary-comment\"><\/div><\/div><div class=\"work-details\"><h4><a href=\"https:\/\/villaalfonsofuerteventura.com\/en\/acerca-de-fuerteventura\/\">Acerca de Fuerteventura!<\/a><\/h4><p class=\"entry-content work-description\">Acerca de Fuerteventura! marzo 14, 2019 ISLA DE FUERTEVENTURA Fuerteventura\u00a0es una isla\u00a0espa\u00f1ola\u00a0del archipi\u00e9lago de\u00a0Canarias, perteneciente a la regi\u00f3n de la\u00a0Macaronesia, situada en el\u00a0oc\u00e9ano Atl\u00e1ntico,...<\/p><a class=\"theme-btn-link\" href=\"https:\/\/villaalfonsofuerteventura.com\/en\/acerca-de-fuerteventura\/\"><div class=\"theme-btn theme-btn-outline-primary theme-hover-arrow\">Seguir leyendo<\/div><\/a><\/div><\/div><\/div><\/div>\t\t\t\t<\/div>\n\t\t\t\t<\/div>\n\t\t\t\t\t<\/div>\n\t\t<\/div>\n\t\t\t\t\t<\/div>\n\t\t<\/section>\n\t\t\t\t<section class=\"elementor-section elementor-top-section elementor-element elementor-element-6416a98 elementor-section-boxed elementor-section-height-default elementor-section-height-default\" data-id=\"6416a98\" data-element_type=\"section\" data-e-type=\"section\">\n\t\t\t\t\t\t<div class=\"elementor-container elementor-column-gap-default\">\n\t\t\t\t\t<div class=\"elementor-column elementor-col-100 elementor-top-column elementor-element elementor-element-57127e4\" data-id=\"57127e4\" data-element_type=\"column\" data-e-type=\"column\">\n\t\t\t<div class=\"elementor-widget-wrap elementor-element-populated\">\n\t\t\t\t\t\t<div class=\"elementor-element elementor-element-db91795 elementor-widget elementor-widget-spacer\" data-id=\"db91795\" data-element_type=\"widget\" data-e-type=\"widget\" data-widget_type=\"spacer.default\">\n\t\t\t\t<div class=\"elementor-widget-container\">\n\t\t\t\t\t\t\t<div class=\"elementor-spacer\">\n\t\t\t<div class=\"elementor-spacer-inner\"><\/div>\n\t\t<\/div>\n\t\t\t\t\t\t<\/div>\n\t\t\t\t<\/div>\n\t\t\t\t\t<\/div>\n\t\t<\/div>\n\t\t\t\t\t<\/div>\n\t\t<\/section>\n\t\t\t\t<section class=\"elementor-section elementor-top-section elementor-element elementor-element-34157b6 elementor-section-boxed elementor-section-height-default elementor-section-height-default\" data-id=\"34157b6\" data-element_type=\"section\" data-e-type=\"section\">\n\t\t\t\t\t\t<div class=\"elementor-container elementor-column-gap-default\">\n\t\t\t\t\t<div class=\"elementor-column elementor-col-100 elementor-top-column elementor-element elementor-element-694c3ac\" data-id=\"694c3ac\" data-element_type=\"column\" data-e-type=\"column\">\n\t\t\t<div class=\"elementor-widget-wrap elementor-element-populated\">\n\t\t\t\t\t\t<div class=\"elementor-element elementor-element-c477925 elementor-widget elementor-widget-text-editor\" data-id=\"c477925\" data-element_type=\"widget\" data-e-type=\"widget\" data-widget_type=\"text-editor.default\">\n\t\t\t\t<div class=\"elementor-widget-container\">\n\t\t\t\t\t\t\t\t\t<p>\u00a0<\/p><p>VillaAlfonsoFuerteventura.com 2026 \u2013 <a href=\"https:\/\/villaalfonsofuerteventura.com\/en\/aviso-legal\/\" target=\"_blank\" rel=\"noopener\">Aviso Legal<\/a> | <a href=\"https:\/\/villaalfonsofuerteventura.com\/en\/politica-de-cookies\/\" target=\"_blank\" rel=\"noopener\">Pol\u00edtica de Cookies<\/a> | <a href=\"https:\/\/villaalfonsofuerteventura.com\/en\/politica-de-privacidad\/\" target=\"_blank\" rel=\"noopener\">Pol\u00edtica de Privacidad<\/a><\/p>\t\t\t\t\t\t\t\t<\/div>\n\t\t\t\t<\/div>\n\t\t\t\t\t<\/div>\n\t\t<\/div>\n\t\t\t\t\t<\/div>\n\t\t<\/section>\n\t\t\t\t<\/div>","protected":false},"excerpt":{"rendered":"<p>PARA CONOCERNOS MEJOR BLOG abril 24, 2023 Nuestras recetas Nuestras recetas abril 24, 2023 Hoy os traemos algo distinto. Queremos que nos conozcas un poco mejor, y por eso queremos compartir con vosotros\u2026 Seguir leyendo octubre 21, 2022 Campa\u00f1a Lefties \u2013 Inditex Campa\u00f1a Lefties \u2013 Inditex octubre 21, 2022 En nuestro primer a\u00f1o de andadura tuvimos la gran sorpresa de que una gran cadena de ropa\u2026 Seguir leyendo octubre 21, 2022 Construcci\u00f3n de Villa Alfonso Construcci\u00f3n de Villa Alfonso octubre [&hellip;]<\/p>\n","protected":false},"author":1,"featured_media":0,"parent":0,"menu_order":0,"comment_status":"closed","ping_status":"closed","template":"","meta":{"footnotes":""},"class_list":["post-991","page","type-page","status-publish","hentry"],"_links":{"self":[{"href":"https:\/\/villaalfonsofuerteventura.com\/en\/wp-json\/wp\/v2\/pages\/991","targetHints":{"allow":["GET"]}}],"collection":[{"href":"https:\/\/villaalfonsofuerteventura.com\/en\/wp-json\/wp\/v2\/pages"}],"about":[{"href":"https:\/\/villaalfonsofuerteventura.com\/en\/wp-json\/wp\/v2\/types\/page"}],"author":[{"embeddable":true,"href":"https:\/\/villaalfonsofuerteventura.com\/en\/wp-json\/wp\/v2\/users\/1"}],"replies":[{"embeddable":true,"href":"https:\/\/villaalfonsofuerteventura.com\/en\/wp-json\/wp\/v2\/comments?post=991"}],"version-history":[{"count":53,"href":"https:\/\/villaalfonsofuerteventura.com\/en\/wp-json\/wp\/v2\/pages\/991\/revisions"}],"predecessor-version":[{"id":3915,"href":"https:\/\/villaalfonsofuerteventura.com\/en\/wp-json\/wp\/v2\/pages\/991\/revisions\/3915"}],"wp:attachment":[{"href":"https:\/\/villaalfonsofuerteventura.com\/en\/wp-json\/wp\/v2\/media?parent=991"}],"curies":[{"name":"wp","href":"https:\/\/api.w.org\/{rel}","templated":true}]}}